{"id":5050,"date":"2020-08-13T07:00:28","date_gmt":"2020-08-13T07:00:28","guid":{"rendered":"https:\/\/era.archi\/portfolio-items\/pinea-mobile\/"},"modified":"2021-03-07T11:33:39","modified_gmt":"2021-03-07T11:33:39","slug":"pinea-mobile","status":"publish","type":"avada_portfolio","link":"https:\/\/era.archi\/en\/portfolio-items\/pinea-mobile\/","title":{"rendered":"PINEA mobile"},"content":{"rendered":"<div class=\"fusion-fullwidth fullwidth-box fusion-builder-row-1 nonhundred-percent-fullwidth non-hundred-percent-height-scrolling\" style=\"background-color: rgba(255,255,255,0);background-position: center center;background-repeat: no-repeat;padding-top:0px;padding-right:0px;padding-bottom:0px;padding-left:0px;margin-bottom: 0px;margin-top: 0px;border-width: 0px 0px 0px 0px;border-color:#eae9e9;border-style:solid;\" ><div class=\"fusion-builder-row fusion-row\"><div class=\"fusion-layout-column fusion_builder_column fusion-builder-column-0 fusion_builder_column_1_1 1_1 fusion-one-full fusion-column-first fusion-column-last\" style=\"margin-top:0px;margin-bottom:20px;\"><div class=\"fusion-column-wrapper fusion-flex-column-wrapper-legacy\" style=\"background-position:left top;background-repeat:no-repeat;-webkit-background-size:cover;-moz-background-size:cover;-o-background-size:cover;background-size:cover;padding: 0px 0px 0px 0px;\"><div class=\"fusion-text fusion-text-1\" style=\"transform:translate3d(0,0,0);\"><p style=\"text-align: center;\">Pinea mobile is an eco-suite on wheels.<br \/>\nERA architects takes another step forward by innovating in ecoTourism<br \/>\nwith this self-sufficient prototype thanks to<br \/>\nsolar energy, innovative fabrics, green roof and rainwater collection tank<br \/>\n(in addition to the usual natural materials such as wood and cork).<\/p>\n<p style=\"text-align: center;\">This ecological RV is sorrounded by the vineyards of the artists residency<br \/>\n<a href=\"http:\/\/elsigols.com\" target=\"_blank\" rel=\"noopener noreferrer\">Mas els Igols<\/a> leadered by Arnout and Iris in the Pened\u00e9s winery region.<br \/>\nIt also has a self-sufficient vegetation cover thanks to the<br \/>\nrainwater tank that works by capillarity.<br \/>\nThis innovative deposit is the FIRST TIME that it has been installed throughout the Peninsula.<\/p>\n<p style=\"text-align: center;\">Fed by solar energy, this prototype innovates in<br \/>\neno-tourism, sustainable tourism, ecological tourism and self-sufficient construction.<br \/>\nYou may book this ecological accommodation in Pened\u00e9s<br \/>\nfor an unforgettable night in the link you will find below.<\/p>\n<\/div><div class=\"fusion-sep-clear\"><\/div><div class=\"fusion-separator fusion-full-width-sep\" style=\"margin-left: auto;margin-right: auto;margin-top:20px;width:100%;\"><\/div><div class=\"fusion-sep-clear\"><\/div><div class=\"imageframe-align-center\"><span class=\" fusion-imageframe imageframe-none imageframe-1 hover-type-none\"><img decoding=\"async\" width=\"1024\" height=\"683\" alt=\"PINEA mobile ERA architects 01\" title=\"PINEA mobile ERA architects 01\" src=\"https:\/\/era.archi\/wp-content\/uploads\/2020\/08\/PINEA-mobile-ERA-architects-01-1024x683.jpg\" class=\"img-responsive wp-image-5000\" srcset=\"https:\/\/era.archi\/wp-content\/uploads\/2020\/08\/PINEA-mobile-ERA-architects-01-200x133.jpg 200w, https:\/\/era.archi\/wp-content\/uploads\/2020\/08\/PINEA-mobile-ERA-architects-01-400x267.jpg 400w, https:\/\/era.archi\/wp-content\/uploads\/2020\/08\/PINEA-mobile-ERA-architects-01-600x400.jpg 600w, https:\/\/era.archi\/wp-content\/uploads\/2020\/08\/PINEA-mobile-ERA-architects-01-800x533.jpg 800w, https:\/\/era.archi\/wp-content\/uploads\/2020\/08\/PINEA-mobile-ERA-architects-01-1200x800.jpg 1200w, https:\/\/era.archi\/wp-content\/uploads\/2020\/08\/PINEA-mobile-ERA-architects-01.jpg 1500w\" sizes=\"(max-width: 800px) 100vw, 1024px\" \/><\/span><\/div><div class=\"fusion-sep-clear\"><\/div><div class=\"fusion-separator fusion-full-width-sep\" style=\"margin-left: auto;margin-right: auto;margin-top:20px;width:100%;\"><\/div><div class=\"fusion-sep-clear\"><\/div><div class=\"imageframe-align-center\"><span class=\" fusion-imageframe imageframe-none imageframe-2 hover-type-none\"><img decoding=\"async\" width=\"1024\" height=\"683\" alt=\"PINEA mobile ERA architects\" title=\"PINEA mobile ERA architects 02\" src=\"https:\/\/era.archi\/wp-content\/uploads\/2020\/08\/PINEA-mobile-ERA-architects-02-1024x683.jpg\" class=\"img-responsive wp-image-5004\" srcset=\"https:\/\/era.archi\/wp-content\/uploads\/2020\/08\/PINEA-mobile-ERA-architects-02-200x133.jpg 200w, https:\/\/era.archi\/wp-content\/uploads\/2020\/08\/PINEA-mobile-ERA-architects-02-400x267.jpg 400w, https:\/\/era.archi\/wp-content\/uploads\/2020\/08\/PINEA-mobile-ERA-architects-02-600x400.jpg 600w, https:\/\/era.archi\/wp-content\/uploads\/2020\/08\/PINEA-mobile-ERA-architects-02-800x533.jpg 800w, https:\/\/era.archi\/wp-content\/uploads\/2020\/08\/PINEA-mobile-ERA-architects-02-1200x800.jpg 1200w, https:\/\/era.archi\/wp-content\/uploads\/2020\/08\/PINEA-mobile-ERA-architects-02.jpg 1500w\" sizes=\"(max-width: 800px) 100vw, 1024px\" \/><\/span><\/div><div class=\"fusion-sep-clear\"><\/div><div class=\"fusion-separator fusion-full-width-sep\" style=\"margin-left: auto;margin-right: auto;margin-top:20px;width:100%;\"><\/div><div class=\"fusion-sep-clear\"><\/div><div class=\"imageframe-align-center\"><span class=\" fusion-imageframe imageframe-none imageframe-3 hover-type-none\"><img decoding=\"async\" width=\"1024\" height=\"683\" alt=\"PINEA mobile ERA architects\" title=\"PINEA mobile ERA architects 05\" src=\"https:\/\/era.archi\/wp-content\/uploads\/2020\/08\/PINEA-mobile-ERA-architects-05-1024x683.jpg\" class=\"img-responsive wp-image-5008\" srcset=\"https:\/\/era.archi\/wp-content\/uploads\/2020\/08\/PINEA-mobile-ERA-architects-05-200x133.jpg 200w, https:\/\/era.archi\/wp-content\/uploads\/2020\/08\/PINEA-mobile-ERA-architects-05-400x267.jpg 400w, https:\/\/era.archi\/wp-content\/uploads\/2020\/08\/PINEA-mobile-ERA-architects-05-600x400.jpg 600w, https:\/\/era.archi\/wp-content\/uploads\/2020\/08\/PINEA-mobile-ERA-architects-05-800x533.jpg 800w, https:\/\/era.archi\/wp-content\/uploads\/2020\/08\/PINEA-mobile-ERA-architects-05-1200x800.jpg 1200w, https:\/\/era.archi\/wp-content\/uploads\/2020\/08\/PINEA-mobile-ERA-architects-05.jpg 1500w\" sizes=\"(max-width: 800px) 100vw, 1024px\" \/><\/span><\/div><div class=\"fusion-sep-clear\"><\/div><div class=\"fusion-separator fusion-full-width-sep\" style=\"margin-left: auto;margin-right: auto;margin-top:20px;width:100%;\"><\/div><div class=\"fusion-sep-clear\"><\/div><div class=\"imageframe-align-center\"><span class=\" fusion-imageframe imageframe-none imageframe-4 hover-type-none\"><img decoding=\"async\" width=\"1024\" height=\"683\" alt=\"PINEA mobile ERA architects\" title=\"PINEA mobile ERA architects 06\" src=\"https:\/\/era.archi\/wp-content\/uploads\/2020\/08\/PINEA-mobile-ERA-architects-06-1024x683.jpg\" class=\"img-responsive wp-image-5012\" srcset=\"https:\/\/era.archi\/wp-content\/uploads\/2020\/08\/PINEA-mobile-ERA-architects-06-200x133.jpg 200w, https:\/\/era.archi\/wp-content\/uploads\/2020\/08\/PINEA-mobile-ERA-architects-06-400x267.jpg 400w, https:\/\/era.archi\/wp-content\/uploads\/2020\/08\/PINEA-mobile-ERA-architects-06-600x400.jpg 600w, https:\/\/era.archi\/wp-content\/uploads\/2020\/08\/PINEA-mobile-ERA-architects-06-800x533.jpg 800w, https:\/\/era.archi\/wp-content\/uploads\/2020\/08\/PINEA-mobile-ERA-architects-06-1200x800.jpg 1200w, https:\/\/era.archi\/wp-content\/uploads\/2020\/08\/PINEA-mobile-ERA-architects-06.jpg 1500w\" sizes=\"(max-width: 800px) 100vw, 1024px\" \/><\/span><\/div><div class=\"fusion-sep-clear\"><\/div><div class=\"fusion-separator fusion-full-width-sep\" style=\"margin-left: auto;margin-right: auto;margin-top:20px;width:100%;\"><\/div><div class=\"fusion-sep-clear\"><\/div><div class=\"imageframe-align-center\"><span class=\" fusion-imageframe imageframe-none imageframe-5 hover-type-none\"><img decoding=\"async\" width=\"1024\" height=\"683\" alt=\"PINEA mobile ERA architects\" title=\"PINEA mobile ERA architects 07\" src=\"https:\/\/era.archi\/wp-content\/uploads\/2020\/08\/PINEA-mobile-ERA-architects-07-1024x683.jpg\" class=\"img-responsive wp-image-5016\" srcset=\"https:\/\/era.archi\/wp-content\/uploads\/2020\/08\/PINEA-mobile-ERA-architects-07-200x133.jpg 200w, https:\/\/era.archi\/wp-content\/uploads\/2020\/08\/PINEA-mobile-ERA-architects-07-400x267.jpg 400w, https:\/\/era.archi\/wp-content\/uploads\/2020\/08\/PINEA-mobile-ERA-architects-07-600x400.jpg 600w, https:\/\/era.archi\/wp-content\/uploads\/2020\/08\/PINEA-mobile-ERA-architects-07-800x533.jpg 800w, https:\/\/era.archi\/wp-content\/uploads\/2020\/08\/PINEA-mobile-ERA-architects-07-1200x800.jpg 1200w, https:\/\/era.archi\/wp-content\/uploads\/2020\/08\/PINEA-mobile-ERA-architects-07.jpg 1500w\" sizes=\"(max-width: 800px) 100vw, 1024px\" \/><\/span><\/div><div class=\"fusion-sep-clear\"><\/div><div class=\"fusion-separator fusion-full-width-sep\" style=\"margin-left: auto;margin-right: auto;margin-top:20px;width:100%;\"><\/div><div class=\"fusion-sep-clear\"><\/div><div class=\"imageframe-align-center\"><span class=\" fusion-imageframe imageframe-none imageframe-6 hover-type-none\"><img decoding=\"async\" width=\"1024\" height=\"683\" alt=\"PINEA mobile ERA architects\" title=\"PINEA mobile ERA architects 10\" src=\"https:\/\/era.archi\/wp-content\/uploads\/2020\/08\/PINEA-mobile-ERA-architects-10-1024x683.jpg\" class=\"img-responsive wp-image-5020\" srcset=\"https:\/\/era.archi\/wp-content\/uploads\/2020\/08\/PINEA-mobile-ERA-architects-10-200x133.jpg 200w, https:\/\/era.archi\/wp-content\/uploads\/2020\/08\/PINEA-mobile-ERA-architects-10-400x267.jpg 400w, https:\/\/era.archi\/wp-content\/uploads\/2020\/08\/PINEA-mobile-ERA-architects-10-600x400.jpg 600w, https:\/\/era.archi\/wp-content\/uploads\/2020\/08\/PINEA-mobile-ERA-architects-10-800x533.jpg 800w, https:\/\/era.archi\/wp-content\/uploads\/2020\/08\/PINEA-mobile-ERA-architects-10-1200x800.jpg 1200w, https:\/\/era.archi\/wp-content\/uploads\/2020\/08\/PINEA-mobile-ERA-architects-10.jpg 1500w\" sizes=\"(max-width: 800px) 100vw, 1024px\" \/><\/span><\/div><div class=\"fusion-sep-clear\"><\/div><div class=\"fusion-separator fusion-full-width-sep\" style=\"margin-left: auto;margin-right: auto;margin-top:20px;width:100%;\"><\/div><div class=\"fusion-sep-clear\"><\/div><div class=\"imageframe-align-center\"><span class=\" fusion-imageframe imageframe-none imageframe-7 hover-type-none\"><img decoding=\"async\" width=\"1024\" height=\"683\" alt=\"PINEA mobile ERA architects\" title=\"PINEA mobile ERA architects 11\" src=\"https:\/\/era.archi\/wp-content\/uploads\/2020\/08\/PINEA-mobile-ERA-architects-11-1024x683.jpg\" class=\"img-responsive wp-image-5024\" srcset=\"https:\/\/era.archi\/wp-content\/uploads\/2020\/08\/PINEA-mobile-ERA-architects-11-200x133.jpg 200w, https:\/\/era.archi\/wp-content\/uploads\/2020\/08\/PINEA-mobile-ERA-architects-11-400x267.jpg 400w, https:\/\/era.archi\/wp-content\/uploads\/2020\/08\/PINEA-mobile-ERA-architects-11-600x400.jpg 600w, https:\/\/era.archi\/wp-content\/uploads\/2020\/08\/PINEA-mobile-ERA-architects-11-800x533.jpg 800w, https:\/\/era.archi\/wp-content\/uploads\/2020\/08\/PINEA-mobile-ERA-architects-11-1200x800.jpg 1200w, https:\/\/era.archi\/wp-content\/uploads\/2020\/08\/PINEA-mobile-ERA-architects-11.jpg 1500w\" sizes=\"(max-width: 800px) 100vw, 1024px\" \/><\/span><\/div><div class=\"fusion-sep-clear\"><\/div><div class=\"fusion-separator fusion-full-width-sep\" style=\"margin-left: auto;margin-right: auto;margin-top:20px;width:100%;\"><\/div><div class=\"fusion-sep-clear\"><\/div><div class=\"imageframe-align-center\"><span class=\" fusion-imageframe imageframe-none imageframe-8 hover-type-none\"><img decoding=\"async\" width=\"1024\" height=\"724\" alt=\"PINEA mobile ERA architects\" title=\"Pinea mobile ERA architects 12\" src=\"https:\/\/era.archi\/wp-content\/uploads\/2020\/08\/Pinea-mobile-ERA-architects-12-1024x724.jpg\" class=\"img-responsive wp-image-5032\" srcset=\"https:\/\/era.archi\/wp-content\/uploads\/2020\/08\/Pinea-mobile-ERA-architects-12-200x141.jpg 200w, https:\/\/era.archi\/wp-content\/uploads\/2020\/08\/Pinea-mobile-ERA-architects-12-400x283.jpg 400w, https:\/\/era.archi\/wp-content\/uploads\/2020\/08\/Pinea-mobile-ERA-architects-12-600x424.jpg 600w, https:\/\/era.archi\/wp-content\/uploads\/2020\/08\/Pinea-mobile-ERA-architects-12-800x566.jpg 800w, https:\/\/era.archi\/wp-content\/uploads\/2020\/08\/Pinea-mobile-ERA-architects-12-1200x848.jpg 1200w\" sizes=\"(max-width: 800px) 100vw, 1024px\" \/><\/span><\/div><div class=\"fusion-sep-clear\"><\/div><div class=\"fusion-separator fusion-full-width-sep\" style=\"margin-left: auto;margin-right: auto;margin-top:20px;width:100%;\"><\/div><div class=\"fusion-sep-clear\"><\/div><div class=\"fusion-aligncenter\"><style type=\"text\/css\">.fusion-button.button-1 {border-radius:2px;}<\/style><a class=\"fusion-button button-flat fusion-button-default-size button-default button-1 fusion-button-default-span fusion-button-default-type\" target=\"_self\" href=\"https:\/\/www.airbnb.com\/rooms\/44638595\"><span class=\"fusion-button-text\">STAY here <\/span><\/a><\/div><div class=\"fusion-sep-clear\"><\/div><div class=\"fusion-separator fusion-full-width-sep\" style=\"margin-left: auto;margin-right: auto;margin-top:40px;width:100%;\"><\/div><div class=\"fusion-sep-clear\"><\/div><div class=\"fusion-text fusion-text-2\" style=\"transform:translate3d(0,0,0);\"><p style=\"text-align: center;\"><b>Equipo:<\/b><\/p>\n<p style=\"text-align: center;\">Design:<br \/>\nEsther Rovira, Theresa Kos, Adri\u00e0 Pinar, Francis Cosano, <span style=\"text-align: start;\">Toni Queralt<br \/>\n<\/span><br \/>\nColabs:<br \/>\n<span style=\"font-weight: 400;\">Arnout Krediet &amp; Iris Tonies<\/span><br \/>\nAlbert Hereu y Maria Verdum (<a href=\"https:\/\/www.icsuro.com\/\" target=\"_blank\" rel=\"noopener noreferrer\">Institut Catal\u00e0 del Suro<\/a>)<br \/>\n<span style=\"font-weight: 400;\">Jorge Fern\u00e1ndez (<\/span><a style=\"text-align: start;\" href=\"http:\/\/www.kliusolutions.com\/\" target=\"_blank\" rel=\"noopener noreferrer\">KliuCork<\/a><span style=\"font-weight: 400;\">)<br \/>\nMiquel Alba (<a href=\"https:\/\/cespedartificialverdalia.com\/\">Verdalia<\/a>)<br \/>\n<\/span><\/p>\n<p style=\"text-align: center;\">Thanks to support this project with special care:<br \/>\nFerran Vidal, Pilar Sabat\u00e9, Ivan Balasch and <a href=\"https:\/\/www.v-ter.com\/\" target=\"_blank\" rel=\"noopener noreferrer\">Vivers Ter<\/a><\/p>\n<p style=\"text-align: center;\">Fotos por Esteve Serra<\/p>\n<p style=\"text-align: center;\">MEDIA<br \/>\n<a href=\"https:\/\/www.revistaad.es\/decoracion\/articulos\/casa-mini-sobre-ruedas-caravana-ecologica-que-vas-desear\/26958\" target=\"_blank\" rel=\"noopener noreferrer\">AD<\/a>, <a href=\"https:\/\/www.designboom.com\/architecture\/era-architects-pinea-mobile-suite-penedes-barcelona-08-23-2020\/\" target=\"_blank\" rel=\"noopener noreferrer\">designboom<\/a>, <a href=\"https:\/\/www.neo2.com\/pinea-mobile-room-eco-suite-era-architects\/\" target=\"_blank\" rel=\"noopener noreferrer\">neo2<\/a>, <a href=\"https:\/\/www.elledecor.com\/es\/arquitectura\/a33877419\/minicasa-eco-sobre-ruedas-ideal\/\">Elle decor<\/a>,<br \/>\n<a href=\"https:\/\/viajes.nationalgeographic.com.es\/lifestyle\/dormir-eco-suite-o-como-pasar-noche-diferente-vinedos-penedes_15917\/3\">National geographic Viajes<\/a><br \/>\n<a href=\"https:\/\/www.traveler.es\/experiencias\/articulos\/pinea-mobile-eco-suite-ruedas-vinedos-penedes\/18976\">Traveller<\/a>, <a href=\"http:\/\/barcelona.b-guided.com\/en\/noticias\/b-ing\/camping-among-the-vines-eco-tourism-an-experience-for-wines-lovers-1200.html\">Bguided<\/a>,\u00a0 <a href=\"https:\/\/www.hosteltur.com\/139119_alojamientos-y-destinos-apuestan-por-diferenciarse-para-afrontar-la-crisis.html\">Hosteltur<\/a><\/p>\n<p style=\"text-align: center;\"><b>CREDITS <\/b><br \/>\n<a href=\"https:\/\/era.archi\/\" target=\"_blank\" rel=\"noopener noreferrer\">ERA architects <\/a><span style=\"font-weight: 400;\">&amp;\u00a0<\/span><a style=\"text-align: start;\" href=\"http:\/\/www.pineasuite.com\/\" target=\"_blank\" rel=\"noopener noreferrer\">Pinea<\/a><br \/>\nhola@era.archi<br \/>\n<a href=\"https:\/\/www.instagram.com\/era.archi\/\" target=\"_blank\" rel=\"noopener noreferrer\">Instagram<\/a><br \/>\n<a href=\"https:\/\/www.youtube.com\/ERAarchitectsBCN\" target=\"_blank\" rel=\"noopener noreferrer\">Youtube<\/a><br \/>\n<a href=\"https:\/\/www.facebook.com\/ERAarchis\" target=\"_blank\" rel=\"noopener noreferrer\">Facebook<\/a><br \/>\n<a href=\"https:\/\/twitter.com\/ERAarchi\" target=\"_blank\" rel=\"noopener noreferrer\">Twitter<\/a><\/p>\n<p><img decoding=\"async\" class=\"aligncenter wp-image-3229\" src=\"https:\/\/era.archi\/wp-content\/uploads\/2019\/01\/descarga.jpg\" alt=\"\" width=\"100\" height=\"32\" srcset=\"https:\/\/era.archi\/wp-content\/uploads\/2019\/01\/descarga-200x64.jpg 200w, https:\/\/era.archi\/wp-content\/uploads\/2019\/01\/descarga-300x96.jpg 300w, https:\/\/era.archi\/wp-content\/uploads\/2019\/01\/descarga.jpg 398w\" sizes=\"(max-width: 100px) 100vw, 100px\" \/><\/p>\n<\/div><div class=\"fusion-clearfix\"><\/div><\/div><\/div><\/div><\/div>\n","protected":false},"excerpt":{"rendered":"","protected":false},"author":1,"featured_media":5008,"menu_order":0,"comment_status":"open","ping_status":"closed","template":"","format":"standard","meta":{"footnotes":""},"portfolio_category":[552],"portfolio_skills":[],"portfolio_tags":[278,278,279,279,280,280,281,281,282,282,296,291,298,294,295,289,297,299,292,283,283,293,284,284,285,285,286,286,287,287,290,288,288],"class_list":{"0":"post-5050","1":"avada_portfolio","2":"type-avada_portfolio","3":"status-publish","4":"format-standard","5":"has-post-thumbnail","6":"hentry","7":"portfolio_category-unique-sustainable-lodge-designer","8":"portfolio_tags-alojamiento-penedes-en","10":"portfolio_tags-caravana-en","12":"portfolio_tags-caravana-ecologica-en","14":"portfolio_tags-cubierta-ajardinada-en","16":"portfolio_tags-cubierta-vegetal-en","18":"portfolio_tags-eco-rv","19":"portfolio_tags-eco-stay-penedes","20":"portfolio_tags-eco-tourism-designer","21":"portfolio_tags-ecologic-rv","22":"portfolio_tags-ecorv","23":"portfolio_tags-ecotourism","24":"portfolio_tags-era-architects","25":"portfolio_tags-glamping-designer","26":"portfolio_tags-green-roof","27":"portfolio_tags-penedes-en","29":"portfolio_tags-penedes-stay","30":"portfolio_tags-pinea-en","32":"portfolio_tags-pinea-mobile-en","34":"portfolio_tags-remolque-en","36":"portfolio_tags-remolque-ecologico-en","38":"portfolio_tags-sustainable-tourism-penedes","39":"portfolio_tags-turismo-sostenible-en"},"yoast_head":"<!-- This site is optimized with the Yoast SEO plugin v26.6 - https:\/\/yoast.com\/wordpress\/plugins\/seo\/ -->\n<title>PINEA mobile<\/title>\n<meta name=\"description\" content=\"Dise\u00f1o y construcci\u00f3n de Pinea mobile: remolque-caravana ecol\u00f3gica con energia solar, materiales natruales y cubierta vegetal.\" \/>\n<meta name=\"robots\" content=\"index, follow, max-snippet:-1, max-image-preview:large, max-video-preview:-1\" \/>\n<link rel=\"canonical\" href=\"https:\/\/era.archi\/en\/portfolio-items\/pinea-mobile\/\" \/>\n<meta property=\"og:locale\" content=\"en_US\" \/>\n<meta property=\"og:type\" content=\"article\" \/>\n<meta property=\"og:title\" content=\"PINEA mobile\" \/>\n<meta property=\"og:description\" content=\"Dise\u00f1o y construcci\u00f3n de Pinea mobile: remolque-caravana ecol\u00f3gica con energia solar, materiales natruales y cubierta vegetal.\" \/>\n<meta property=\"og:url\" content=\"https:\/\/era.archi\/en\/portfolio-items\/pinea-mobile\/\" \/>\n<meta property=\"og:site_name\" content=\"ERA architects\" \/>\n<meta property=\"article:publisher\" content=\"https:\/\/www.facebook.com\/ERAarchis\" \/>\n<meta property=\"article:modified_time\" content=\"2021-03-07T11:33:39+00:00\" \/>\n<meta property=\"og:image\" content=\"https:\/\/era.archi\/wp-content\/uploads\/2020\/08\/PINEA-mobile-ERA-architects-05.jpg\" \/>\n\t<meta property=\"og:image:width\" content=\"1500\" \/>\n\t<meta property=\"og:image:height\" content=\"1000\" \/>\n\t<meta property=\"og:image:type\" content=\"image\/jpeg\" \/>\n<meta name=\"twitter:card\" content=\"summary_large_image\" \/>\n<meta name=\"twitter:site\" content=\"@ERAarchi\" \/>\n<meta name=\"twitter:label1\" content=\"Est. reading time\" \/>\n\t<meta name=\"twitter:data1\" content=\"7 minutes\" \/>\n<script type=\"application\/ld+json\" class=\"yoast-schema-graph\">{\"@context\":\"https:\/\/schema.org\",\"@graph\":[{\"@type\":\"WebPage\",\"@id\":\"https:\/\/era.archi\/en\/portfolio-items\/pinea-mobile\/\",\"url\":\"https:\/\/era.archi\/en\/portfolio-items\/pinea-mobile\/\",\"name\":\"PINEA mobile\",\"isPartOf\":{\"@id\":\"https:\/\/era.archi\/#website\"},\"primaryImageOfPage\":{\"@id\":\"https:\/\/era.archi\/en\/portfolio-items\/pinea-mobile\/#primaryimage\"},\"image\":{\"@id\":\"https:\/\/era.archi\/en\/portfolio-items\/pinea-mobile\/#primaryimage\"},\"thumbnailUrl\":\"https:\/\/era.archi\/wp-content\/uploads\/2020\/08\/PINEA-mobile-ERA-architects-05.jpg\",\"datePublished\":\"2020-08-13T07:00:28+00:00\",\"dateModified\":\"2021-03-07T11:33:39+00:00\",\"description\":\"Dise\u00f1o y construcci\u00f3n de Pinea mobile: remolque-caravana ecol\u00f3gica con energia solar, materiales natruales y cubierta vegetal.\",\"breadcrumb\":{\"@id\":\"https:\/\/era.archi\/en\/portfolio-items\/pinea-mobile\/#breadcrumb\"},\"inLanguage\":\"en-US\",\"potentialAction\":[{\"@type\":\"ReadAction\",\"target\":[\"https:\/\/era.archi\/en\/portfolio-items\/pinea-mobile\/\"]}]},{\"@type\":\"ImageObject\",\"inLanguage\":\"en-US\",\"@id\":\"https:\/\/era.archi\/en\/portfolio-items\/pinea-mobile\/#primaryimage\",\"url\":\"https:\/\/era.archi\/wp-content\/uploads\/2020\/08\/PINEA-mobile-ERA-architects-05.jpg\",\"contentUrl\":\"https:\/\/era.archi\/wp-content\/uploads\/2020\/08\/PINEA-mobile-ERA-architects-05.jpg\",\"width\":1500,\"height\":1000,\"caption\":\"PINEA mobile ERA architects\"},{\"@type\":\"BreadcrumbList\",\"@id\":\"https:\/\/era.archi\/en\/portfolio-items\/pinea-mobile\/#breadcrumb\",\"itemListElement\":[{\"@type\":\"ListItem\",\"position\":1,\"name\":\"Portada\",\"item\":\"https:\/\/era.archi\/en\/\"},{\"@type\":\"ListItem\",\"position\":2,\"name\":\"Portfolio\",\"item\":\"https:\/\/era.archi\/portfolio-items\/\"},{\"@type\":\"ListItem\",\"position\":3,\"name\":\"PINEA mobile\"}]},{\"@type\":\"WebSite\",\"@id\":\"https:\/\/era.archi\/#website\",\"url\":\"https:\/\/era.archi\/\",\"name\":\"ERA architects\",\"description\":\"\",\"potentialAction\":[{\"@type\":\"SearchAction\",\"target\":{\"@type\":\"EntryPoint\",\"urlTemplate\":\"https:\/\/era.archi\/?s={search_term_string}\"},\"query-input\":{\"@type\":\"PropertyValueSpecification\",\"valueRequired\":true,\"valueName\":\"search_term_string\"}}],\"inLanguage\":\"en-US\"}]}<\/script>\n<!-- \/ Yoast SEO plugin. -->","yoast_head_json":{"title":"PINEA mobile","description":"Dise\u00f1o y construcci\u00f3n de Pinea mobile: remolque-caravana ecol\u00f3gica con energia solar, materiales natruales y cubierta vegetal.","robots":{"index":"index","follow":"follow","max-snippet":"max-snippet:-1","max-image-preview":"max-image-preview:large","max-video-preview":"max-video-preview:-1"},"canonical":"https:\/\/era.archi\/en\/portfolio-items\/pinea-mobile\/","og_locale":"en_US","og_type":"article","og_title":"PINEA mobile","og_description":"Dise\u00f1o y construcci\u00f3n de Pinea mobile: remolque-caravana ecol\u00f3gica con energia solar, materiales natruales y cubierta vegetal.","og_url":"https:\/\/era.archi\/en\/portfolio-items\/pinea-mobile\/","og_site_name":"ERA architects","article_publisher":"https:\/\/www.facebook.com\/ERAarchis","article_modified_time":"2021-03-07T11:33:39+00:00","og_image":[{"width":1500,"height":1000,"url":"https:\/\/era.archi\/wp-content\/uploads\/2020\/08\/PINEA-mobile-ERA-architects-05.jpg","type":"image\/jpeg"}],"twitter_card":"summary_large_image","twitter_site":"@ERAarchi","twitter_misc":{"Est. reading time":"7 minutes"},"schema":{"@context":"https:\/\/schema.org","@graph":[{"@type":"WebPage","@id":"https:\/\/era.archi\/en\/portfolio-items\/pinea-mobile\/","url":"https:\/\/era.archi\/en\/portfolio-items\/pinea-mobile\/","name":"PINEA mobile","isPartOf":{"@id":"https:\/\/era.archi\/#website"},"primaryImageOfPage":{"@id":"https:\/\/era.archi\/en\/portfolio-items\/pinea-mobile\/#primaryimage"},"image":{"@id":"https:\/\/era.archi\/en\/portfolio-items\/pinea-mobile\/#primaryimage"},"thumbnailUrl":"https:\/\/era.archi\/wp-content\/uploads\/2020\/08\/PINEA-mobile-ERA-architects-05.jpg","datePublished":"2020-08-13T07:00:28+00:00","dateModified":"2021-03-07T11:33:39+00:00","description":"Dise\u00f1o y construcci\u00f3n de Pinea mobile: remolque-caravana ecol\u00f3gica con energia solar, materiales natruales y cubierta vegetal.","breadcrumb":{"@id":"https:\/\/era.archi\/en\/portfolio-items\/pinea-mobile\/#breadcrumb"},"inLanguage":"en-US","potentialAction":[{"@type":"ReadAction","target":["https:\/\/era.archi\/en\/portfolio-items\/pinea-mobile\/"]}]},{"@type":"ImageObject","inLanguage":"en-US","@id":"https:\/\/era.archi\/en\/portfolio-items\/pinea-mobile\/#primaryimage","url":"https:\/\/era.archi\/wp-content\/uploads\/2020\/08\/PINEA-mobile-ERA-architects-05.jpg","contentUrl":"https:\/\/era.archi\/wp-content\/uploads\/2020\/08\/PINEA-mobile-ERA-architects-05.jpg","width":1500,"height":1000,"caption":"PINEA mobile ERA architects"},{"@type":"BreadcrumbList","@id":"https:\/\/era.archi\/en\/portfolio-items\/pinea-mobile\/#breadcrumb","itemListElement":[{"@type":"ListItem","position":1,"name":"Portada","item":"https:\/\/era.archi\/en\/"},{"@type":"ListItem","position":2,"name":"Portfolio","item":"https:\/\/era.archi\/portfolio-items\/"},{"@type":"ListItem","position":3,"name":"PINEA mobile"}]},{"@type":"WebSite","@id":"https:\/\/era.archi\/#website","url":"https:\/\/era.archi\/","name":"ERA architects","description":"","potentialAction":[{"@type":"SearchAction","target":{"@type":"EntryPoint","urlTemplate":"https:\/\/era.archi\/?s={search_term_string}"},"query-input":{"@type":"PropertyValueSpecification","valueRequired":true,"valueName":"search_term_string"}}],"inLanguage":"en-US"}]}},"_links":{"self":[{"href":"https:\/\/era.archi\/en\/wp-json\/wp\/v2\/avada_portfolio\/5050","targetHints":{"allow":["GET"]}}],"collection":[{"href":"https:\/\/era.archi\/en\/wp-json\/wp\/v2\/avada_portfolio"}],"about":[{"href":"https:\/\/era.archi\/en\/wp-json\/wp\/v2\/types\/avada_portfolio"}],"author":[{"embeddable":true,"href":"https:\/\/era.archi\/en\/wp-json\/wp\/v2\/users\/1"}],"replies":[{"embeddable":true,"href":"https:\/\/era.archi\/en\/wp-json\/wp\/v2\/comments?post=5050"}],"version-history":[{"count":0,"href":"https:\/\/era.archi\/en\/wp-json\/wp\/v2\/avada_portfolio\/5050\/revisions"}],"wp:featuredmedia":[{"embeddable":true,"href":"https:\/\/era.archi\/en\/wp-json\/wp\/v2\/media\/5008"}],"wp:attachment":[{"href":"https:\/\/era.archi\/en\/wp-json\/wp\/v2\/media?parent=5050"}],"wp:term":[{"taxonomy":"portfolio_category","embeddable":true,"href":"https:\/\/era.archi\/en\/wp-json\/wp\/v2\/portfolio_category?post=5050"},{"taxonomy":"portfolio_skills","embeddable":true,"href":"https:\/\/era.archi\/en\/wp-json\/wp\/v2\/portfolio_skills?post=5050"},{"taxonomy":"portfolio_tags","embeddable":true,"href":"https:\/\/era.archi\/en\/wp-json\/wp\/v2\/portfolio_tags?post=5050"}],"curies":[{"name":"wp","href":"https:\/\/api.w.org\/{rel}","templated":true}]}}